{"id":515,"date":"2017-08-19T23:32:29","date_gmt":"2017-08-19T21:32:29","guid":{"rendered":"http:\/\/eoleenbeuv.cluster023.hosting.ovh.net\/?page_id=515"},"modified":"2026-03-12T07:12:59","modified_gmt":"2026-03-12T06:12:59","slug":"les-cartes-postales-anciennes-de-fains-la-folie","status":"publish","type":"page","link":"https:\/\/www.eoleenbeauce.fr\/galerie\/les-cartes-postales-anciennes-de-fains-la-folie\/","title":{"rendered":"Les cartes postales anciennes de Fains la Folie"},"content":{"rendered":"<div class=\"page\">\n<div class=\"hero-title-wrap\">\n<h1 class=\"hero-title\">Les Cartes Postales Anciennes de Fains-la-Folie<\/h1>\n<div class=\"hero-bar\"><\/div>\n<\/p><\/div>\n<div id='gallery-1' class='gallery galleryid-515 gallery-columns-1 gallery-size-large'><figure class='gallery-item'>\n\t\t\t<div class='gallery-icon landscape'>\n\t\t\t\t<a href='https:\/\/www.eoleenbeauce.fr\/wp-content\/uploads\/2017\/08\/Fains-19.jpg'><img loading=\"lazy\" decoding=\"async\" width=\"802\" height=\"518\" src=\"https:\/\/www.eoleenbeauce.fr\/wp-content\/uploads\/2017\/08\/Fains-19.jpg\" class=\"attachment-large size-large\" alt=\"\" aria-describedby=\"gallery-1-353\" srcset=\"https:\/\/www.eoleenbeauce.fr\/wp-content\/uploads\/2017\/08\/Fains-19.jpg 802w, https:\/\/www.eoleenbeauce.fr\/wp-content\/uploads\/2017\/08\/Fains-19-300x194.jpg 300w, https:\/\/www.eoleenbeauce.fr\/wp-content\/uploads\/2017\/08\/Fains-19-768x496.jpg 768w\" sizes=\"auto, (max-width: 802px) 100vw, 802px\" \/><\/a>\n\t\t\t<\/div>\n\t\t\t\t<figcaption class='wp-caption-text gallery-caption' id='gallery-1-353'>\n\t\t\t\tLa grande rue et l&rsquo;abreuvoir\n\t\t\t\t<\/figcaption><\/figure><figure class='gallery-item'>\n\t\t\t<div class='gallery-icon landscape'>\n\t\t\t\t<a href='https:\/\/www.eoleenbeauce.fr\/wp-content\/uploads\/2017\/08\/Cartes-postales-FAINS-Labreuvoir-et-la-Grande-rue-B.png'><img loading=\"lazy\" decoding=\"async\" width=\"1000\" height=\"657\" src=\"https:\/\/www.eoleenbeauce.fr\/wp-content\/uploads\/2017\/08\/Cartes-postales-FAINS-Labreuvoir-et-la-Grande-rue-B.png\" class=\"attachment-large size-large\" alt=\"\" aria-describedby=\"gallery-1-905\" srcset=\"https:\/\/www.eoleenbeauce.fr\/wp-content\/uploads\/2017\/08\/Cartes-postales-FAINS-Labreuvoir-et-la-Grande-rue-B.png 1000w, https:\/\/www.eoleenbeauce.fr\/wp-content\/uploads\/2017\/08\/Cartes-postales-FAINS-Labreuvoir-et-la-Grande-rue-B-300x197.png 300w, https:\/\/www.eoleenbeauce.fr\/wp-content\/uploads\/2017\/08\/Cartes-postales-FAINS-Labreuvoir-et-la-Grande-rue-B-768x505.png 768w\" sizes=\"auto, (max-width: 1000px) 100vw, 1000px\" \/><\/a>\n\t\t\t<\/div>\n\t\t\t\t<figcaption class='wp-caption-text gallery-caption' id='gallery-1-905'>\n\t\t\t\tL&rsquo;Abreuvoir et la Grande rue\n\t\t\t\t<\/figcaption><\/figure><figure class='gallery-item'>\n\t\t\t<div class='gallery-icon landscape'>\n\t\t\t\t<a href='https:\/\/www.eoleenbeauce.fr\/wp-content\/uploads\/2017\/08\/Cartes-postales-FAINS-La-Grande-rue-et-labreuvoir-B.png'><img loading=\"lazy\" decoding=\"async\" width=\"1000\" height=\"675\" src=\"https:\/\/www.eoleenbeauce.fr\/wp-content\/uploads\/2017\/08\/Cartes-postales-FAINS-La-Grande-rue-et-labreuvoir-B.png\" class=\"attachment-large size-large\" alt=\"\" aria-describedby=\"gallery-1-899\" srcset=\"https:\/\/www.eoleenbeauce.fr\/wp-content\/uploads\/2017\/08\/Cartes-postales-FAINS-La-Grande-rue-et-labreuvoir-B.png 1000w, https:\/\/www.eoleenbeauce.fr\/wp-content\/uploads\/2017\/08\/Cartes-postales-FAINS-La-Grande-rue-et-labreuvoir-B-300x203.png 300w, https:\/\/www.eoleenbeauce.fr\/wp-content\/uploads\/2017\/08\/Cartes-postales-FAINS-La-Grande-rue-et-labreuvoir-B-768x518.png 768w\" sizes=\"auto, (max-width: 1000px) 100vw, 1000px\" \/><\/a>\n\t\t\t<\/div>\n\t\t\t\t<figcaption class='wp-caption-text gallery-caption' id='gallery-1-899'>\n\t\t\t\tLa Grande rue et l&rsquo;Abreuvoir\n\t\t\t\t<\/figcaption><\/figure><figure class='gallery-item'>\n\t\t\t<div class='gallery-icon landscape'>\n\t\t\t\t<a href='https:\/\/www.eoleenbeauce.fr\/wp-content\/uploads\/2017\/08\/Cartes-postales-FAINS-La-place-2-B.png'><img loading=\"lazy\" decoding=\"async\" width=\"1000\" height=\"635\" src=\"https:\/\/www.eoleenbeauce.fr\/wp-content\/uploads\/2017\/08\/Cartes-postales-FAINS-La-place-2-B.png\" class=\"attachment-large size-large\" alt=\"\" aria-describedby=\"gallery-1-900\" srcset=\"https:\/\/www.eoleenbeauce.fr\/wp-content\/uploads\/2017\/08\/Cartes-postales-FAINS-La-place-2-B.png 1000w, https:\/\/www.eoleenbeauce.fr\/wp-content\/uploads\/2017\/08\/Cartes-postales-FAINS-La-place-2-B-300x191.png 300w, https:\/\/www.eoleenbeauce.fr\/wp-content\/uploads\/2017\/08\/Cartes-postales-FAINS-La-place-2-B-768x488.png 768w\" sizes=\"auto, (max-width: 1000px) 100vw, 1000px\" \/><\/a>\n\t\t\t<\/div>\n\t\t\t\t<figcaption class='wp-caption-text gallery-caption' id='gallery-1-900'>\n\t\t\t\tLa place\n\t\t\t\t<\/figcaption><\/figure><figure class='gallery-item'>\n\t\t\t<div class='gallery-icon landscape'>\n\t\t\t\t<a href='https:\/\/www.eoleenbeauce.fr\/wp-content\/uploads\/2017\/08\/123_001_141j-fains-la-folie-labreuvoir-attelage.jpg'><img loading=\"lazy\" decoding=\"async\" width=\"1019\" height=\"711\" src=\"https:\/\/www.eoleenbeauce.fr\/wp-content\/uploads\/2017\/08\/123_001_141j-fains-la-folie-labreuvoir-attelage.jpg\" class=\"attachment-large size-large\" alt=\"\" aria-describedby=\"gallery-1-447\" srcset=\"https:\/\/www.eoleenbeauce.fr\/wp-content\/uploads\/2017\/08\/123_001_141j-fains-la-folie-labreuvoir-attelage.jpg 1019w, https:\/\/www.eoleenbeauce.fr\/wp-content\/uploads\/2017\/08\/123_001_141j-fains-la-folie-labreuvoir-attelage-300x209.jpg 300w, https:\/\/www.eoleenbeauce.fr\/wp-content\/uploads\/2017\/08\/123_001_141j-fains-la-folie-labreuvoir-attelage-768x536.jpg 768w\" sizes=\"auto, (max-width: 1019px) 100vw, 1019px\" \/><\/a>\n\t\t\t<\/div>\n\t\t\t\t<figcaption class='wp-caption-text gallery-caption' id='gallery-1-447'>\n\t\t\t\tL&rsquo;abreuvoir\n\t\t\t\t<\/figcaption><\/figure><figure class='gallery-item'>\n\t\t\t<div class='gallery-icon landscape'>\n\t\t\t\t<a href='https:\/\/www.eoleenbeauce.fr\/wp-content\/uploads\/2017\/08\/s-l1600.jpg'><img loading=\"lazy\" decoding=\"async\" width=\"1024\" height=\"643\" src=\"https:\/\/www.eoleenbeauce.fr\/wp-content\/uploads\/2017\/08\/s-l1600-1024x643.jpg\" class=\"attachment-large size-large\" alt=\"\" aria-describedby=\"gallery-1-403\" srcset=\"https:\/\/www.eoleenbeauce.fr\/wp-content\/uploads\/2017\/08\/s-l1600-1024x643.jpg 1024w, https:\/\/www.eoleenbeauce.fr\/wp-content\/uploads\/2017\/08\/s-l1600-300x188.jpg 300w, https:\/\/www.eoleenbeauce.fr\/wp-content\/uploads\/2017\/08\/s-l1600-768x482.jpg 768w, https:\/\/www.eoleenbeauce.fr\/wp-content\/uploads\/2017\/08\/s-l1600.jpg 1600w\" sizes=\"auto, (max-width: 1024px) 100vw, 1024px\" \/><\/a>\n\t\t\t<\/div>\n\t\t\t\t<figcaption class='wp-caption-text gallery-caption' id='gallery-1-403'>\n\t\t\t\tLa grande rue\n\t\t\t\t<\/figcaption><\/figure><figure class='gallery-item'>\n\t\t\t<div class='gallery-icon landscape'>\n\t\t\t\t<a href='https:\/\/www.eoleenbeauce.fr\/wp-content\/uploads\/2017\/08\/Fains-17.jpg'><img loading=\"lazy\" decoding=\"async\" width=\"800\" height=\"527\" src=\"https:\/\/www.eoleenbeauce.fr\/wp-content\/uploads\/2017\/08\/Fains-17.jpg\" class=\"attachment-large size-large\" alt=\"\" aria-describedby=\"gallery-1-351\" srcset=\"https:\/\/www.eoleenbeauce.fr\/wp-content\/uploads\/2017\/08\/Fains-17.jpg 800w, https:\/\/www.eoleenbeauce.fr\/wp-content\/uploads\/2017\/08\/Fains-17-300x198.jpg 300w, https:\/\/www.eoleenbeauce.fr\/wp-content\/uploads\/2017\/08\/Fains-17-768x506.jpg 768w\" sizes=\"auto, (max-width: 800px) 100vw, 800px\" \/><\/a>\n\t\t\t<\/div>\n\t\t\t\t<figcaption class='wp-caption-text gallery-caption' id='gallery-1-351'>\n\t\t\t\tLa grande rue\n\t\t\t\t<\/figcaption><\/figure><figure class='gallery-item'>\n\t\t\t<div class='gallery-icon landscape'>\n\t\t\t\t<a href='https:\/\/www.eoleenbeauce.fr\/wp-content\/uploads\/2017\/08\/003_001_28-fains-la-folie-la-grande-rue-pas-courant-1925.jpg'><img loading=\"lazy\" decoding=\"async\" width=\"1024\" height=\"660\" src=\"https:\/\/www.eoleenbeauce.fr\/wp-content\/uploads\/2017\/08\/003_001_28-fains-la-folie-la-grande-rue-pas-courant-1925-1024x660.jpg\" class=\"attachment-large size-large\" alt=\"\" aria-describedby=\"gallery-1-442\" srcset=\"https:\/\/www.eoleenbeauce.fr\/wp-content\/uploads\/2017\/08\/003_001_28-fains-la-folie-la-grande-rue-pas-courant-1925-1024x660.jpg 1024w, https:\/\/www.eoleenbeauce.fr\/wp-content\/uploads\/2017\/08\/003_001_28-fains-la-folie-la-grande-rue-pas-courant-1925-300x193.jpg 300w, https:\/\/www.eoleenbeauce.fr\/wp-content\/uploads\/2017\/08\/003_001_28-fains-la-folie-la-grande-rue-pas-courant-1925-768x495.jpg 768w, https:\/\/www.eoleenbeauce.fr\/wp-content\/uploads\/2017\/08\/003_001_28-fains-la-folie-la-grande-rue-pas-courant-1925.jpg 1625w\" sizes=\"auto, (max-width: 1024px) 100vw, 1024px\" \/><\/a>\n\t\t\t<\/div>\n\t\t\t\t<figcaption class='wp-caption-text gallery-caption' id='gallery-1-442'>\n\t\t\t\tLa grande rue\n\t\t\t\t<\/figcaption><\/figure><figure class='gallery-item'>\n\t\t\t<div class='gallery-icon landscape'>\n\t\t\t\t<a href='https:\/\/www.eoleenbeauce.fr\/wp-content\/uploads\/2017\/08\/s-l1600-2.jpg'><img loading=\"lazy\" decoding=\"async\" width=\"1024\" height=\"683\" src=\"https:\/\/www.eoleenbeauce.fr\/wp-content\/uploads\/2017\/08\/s-l1600-2-1024x683.jpg\" class=\"attachment-large size-large\" alt=\"\" aria-describedby=\"gallery-1-400\" srcset=\"https:\/\/www.eoleenbeauce.fr\/wp-content\/uploads\/2017\/08\/s-l1600-2.jpg 1024w, https:\/\/www.eoleenbeauce.fr\/wp-content\/uploads\/2017\/08\/s-l1600-2-300x200.jpg 300w, https:\/\/www.eoleenbeauce.fr\/wp-content\/uploads\/2017\/08\/s-l1600-2-768x512.jpg 768w\" sizes=\"auto, (max-width: 1024px) 100vw, 1024px\" \/><\/a>\n\t\t\t<\/div>\n\t\t\t\t<figcaption class='wp-caption-text gallery-caption' id='gallery-1-400'>\n\t\t\t\tLa place et la Poste\n\t\t\t\t<\/figcaption><\/figure><figure class='gallery-item'>\n\t\t\t<div class='gallery-icon landscape'>\n\t\t\t\t<a href='https:\/\/www.eoleenbeauce.fr\/wp-content\/uploads\/2017\/08\/391_001_28-fains-la-folie-la-place-1934-charrette-tonneau-fut-foudre-attelage-cheval-dos-vert.jpg'><img loading=\"lazy\" decoding=\"async\" width=\"893\" height=\"588\" src=\"https:\/\/www.eoleenbeauce.fr\/wp-content\/uploads\/2017\/08\/391_001_28-fains-la-folie-la-place-1934-charrette-tonneau-fut-foudre-attelage-cheval-dos-vert.jpg\" class=\"attachment-large size-large\" alt=\"\" aria-describedby=\"gallery-1-456\" srcset=\"https:\/\/www.eoleenbeauce.fr\/wp-content\/uploads\/2017\/08\/391_001_28-fains-la-folie-la-place-1934-charrette-tonneau-fut-foudre-attelage-cheval-dos-vert.jpg 893w, https:\/\/www.eoleenbeauce.fr\/wp-content\/uploads\/2017\/08\/391_001_28-fains-la-folie-la-place-1934-charrette-tonneau-fut-foudre-attelage-cheval-dos-vert-300x198.jpg 300w, https:\/\/www.eoleenbeauce.fr\/wp-content\/uploads\/2017\/08\/391_001_28-fains-la-folie-la-place-1934-charrette-tonneau-fut-foudre-attelage-cheval-dos-vert-768x506.jpg 768w\" sizes=\"auto, (max-width: 893px) 100vw, 893px\" \/><\/a>\n\t\t\t<\/div>\n\t\t\t\t<figcaption class='wp-caption-text gallery-caption' id='gallery-1-456'>\n\t\t\t\tLa place\n\t\t\t\t<\/figcaption><\/figure><figure class='gallery-item'>\n\t\t\t<div class='gallery-icon landscape'>\n\t\t\t\t<a href='https:\/\/www.eoleenbeauce.fr\/wp-content\/uploads\/2017\/08\/Cartes-postales-FAINS-La-place-3-B.png'><img loading=\"lazy\" decoding=\"async\" width=\"1000\" height=\"632\" src=\"https:\/\/www.eoleenbeauce.fr\/wp-content\/uploads\/2017\/08\/Cartes-postales-FAINS-La-place-3-B.png\" class=\"attachment-large size-large\" alt=\"\" aria-describedby=\"gallery-1-901\" srcset=\"https:\/\/www.eoleenbeauce.fr\/wp-content\/uploads\/2017\/08\/Cartes-postales-FAINS-La-place-3-B.png 1000w, https:\/\/www.eoleenbeauce.fr\/wp-content\/uploads\/2017\/08\/Cartes-postales-FAINS-La-place-3-B-300x190.png 300w, https:\/\/www.eoleenbeauce.fr\/wp-content\/uploads\/2017\/08\/Cartes-postales-FAINS-La-place-3-B-768x485.png 768w\" sizes=\"auto, (max-width: 1000px) 100vw, 1000px\" \/><\/a>\n\t\t\t<\/div>\n\t\t\t\t<figcaption class='wp-caption-text gallery-caption' id='gallery-1-901'>\n\t\t\t\tLa place\n\t\t\t\t<\/figcaption><\/figure><figure class='gallery-item'>\n\t\t\t<div class='gallery-icon landscape'>\n\t\t\t\t<a href='https:\/\/www.eoleenbeauce.fr\/wp-content\/uploads\/2017\/08\/s-l1600-1.jpg'><img loading=\"lazy\" decoding=\"async\" width=\"842\" height=\"557\" src=\"https:\/\/www.eoleenbeauce.fr\/wp-content\/uploads\/2017\/08\/s-l1600-1.jpg\" class=\"attachment-large size-large\" alt=\"\" aria-describedby=\"gallery-1-399\" srcset=\"https:\/\/www.eoleenbeauce.fr\/wp-content\/uploads\/2017\/08\/s-l1600-1.jpg 842w, https:\/\/www.eoleenbeauce.fr\/wp-content\/uploads\/2017\/08\/s-l1600-1-300x198.jpg 300w, https:\/\/www.eoleenbeauce.fr\/wp-content\/uploads\/2017\/08\/s-l1600-1-768x508.jpg 768w\" sizes=\"auto, (max-width: 842px) 100vw, 842px\" \/><\/a>\n\t\t\t<\/div>\n\t\t\t\t<figcaption class='wp-caption-text gallery-caption' id='gallery-1-399'>\n\t\t\t\tLa place\n\t\t\t\t<\/figcaption><\/figure><figure class='gallery-item'>\n\t\t\t<div class='gallery-icon landscape'>\n\t\t\t\t<a href='https:\/\/www.eoleenbeauce.fr\/wp-content\/uploads\/2017\/08\/Fains-18.jpg'><img loading=\"lazy\" decoding=\"async\" width=\"800\" height=\"519\" src=\"https:\/\/www.eoleenbeauce.fr\/wp-content\/uploads\/2017\/08\/Fains-18.jpg\" class=\"attachment-large size-large\" alt=\"\" aria-describedby=\"gallery-1-352\" srcset=\"https:\/\/www.eoleenbeauce.fr\/wp-content\/uploads\/2017\/08\/Fains-18.jpg 800w, https:\/\/www.eoleenbeauce.fr\/wp-content\/uploads\/2017\/08\/Fains-18-300x195.jpg 300w, https:\/\/www.eoleenbeauce.fr\/wp-content\/uploads\/2017\/08\/Fains-18-768x498.jpg 768w\" sizes=\"auto, (max-width: 800px) 100vw, 800px\" \/><\/a>\n\t\t\t<\/div>\n\t\t\t\t<figcaption class='wp-caption-text gallery-caption' id='gallery-1-352'>\n\t\t\t\tLa rue de la gare\n\t\t\t\t<\/figcaption><\/figure><figure class='gallery-item'>\n\t\t\t<div class='gallery-icon landscape'>\n\t\t\t\t<a href='https:\/\/www.eoleenbeauce.fr\/wp-content\/uploads\/2017\/08\/Fains-1.jpg'><img loading=\"lazy\" decoding=\"async\" width=\"560\" height=\"369\" src=\"https:\/\/www.eoleenbeauce.fr\/wp-content\/uploads\/2017\/08\/Fains-1.jpg\" class=\"attachment-large size-large\" alt=\"\" aria-describedby=\"gallery-1-335\" srcset=\"https:\/\/www.eoleenbeauce.fr\/wp-content\/uploads\/2017\/08\/Fains-1.jpg 560w, https:\/\/www.eoleenbeauce.fr\/wp-content\/uploads\/2017\/08\/Fains-1-300x198.jpg 300w\" sizes=\"auto, (max-width: 560px) 100vw, 560px\" \/><\/a>\n\t\t\t<\/div>\n\t\t\t\t<figcaption class='wp-caption-text gallery-caption' id='gallery-1-335'>\n\t\t\t\tLa fa\u00e7ade Nord du ch\u00e2teau\n\t\t\t\t<\/figcaption><\/figure><figure class='gallery-item'>\n\t\t\t<div class='gallery-icon landscape'>\n\t\t\t\t<a href='https:\/\/www.eoleenbeauce.fr\/wp-content\/uploads\/2017\/08\/Fains-3.jpg'><img loading=\"lazy\" decoding=\"async\" width=\"750\" height=\"489\" src=\"https:\/\/www.eoleenbeauce.fr\/wp-content\/uploads\/2017\/08\/Fains-3.jpg\" class=\"attachment-large size-large\" alt=\"\" aria-describedby=\"gallery-1-337\" srcset=\"https:\/\/www.eoleenbeauce.fr\/wp-content\/uploads\/2017\/08\/Fains-3.jpg 750w, https:\/\/www.eoleenbeauce.fr\/wp-content\/uploads\/2017\/08\/Fains-3-300x196.jpg 300w\" sizes=\"auto, (max-width: 750px) 100vw, 750px\" \/><\/a>\n\t\t\t<\/div>\n\t\t\t\t<figcaption class='wp-caption-text gallery-caption' id='gallery-1-337'>\n\t\t\t\tLe ch\u00e2teau\n\t\t\t\t<\/figcaption><\/figure><figure class='gallery-item'>\n\t\t\t<div class='gallery-icon landscape'>\n\t\t\t\t<a href='https:\/\/www.eoleenbeauce.fr\/wp-content\/uploads\/2017\/08\/s-l1600-3.jpg'><img loading=\"lazy\" decoding=\"async\" width=\"1024\" height=\"655\" src=\"https:\/\/www.eoleenbeauce.fr\/wp-content\/uploads\/2017\/08\/s-l1600-3-1024x655.jpg\" class=\"attachment-large size-large\" alt=\"\" aria-describedby=\"gallery-1-401\" srcset=\"https:\/\/www.eoleenbeauce.fr\/wp-content\/uploads\/2017\/08\/s-l1600-3-1024x655.jpg 1024w, https:\/\/www.eoleenbeauce.fr\/wp-content\/uploads\/2017\/08\/s-l1600-3-300x192.jpg 300w, https:\/\/www.eoleenbeauce.fr\/wp-content\/uploads\/2017\/08\/s-l1600-3-768x492.jpg 768w, https:\/\/www.eoleenbeauce.fr\/wp-content\/uploads\/2017\/08\/s-l1600-3.jpg 1600w\" sizes=\"auto, (max-width: 1024px) 100vw, 1024px\" \/><\/a>\n\t\t\t<\/div>\n\t\t\t\t<figcaption class='wp-caption-text gallery-caption' id='gallery-1-401'>\n\t\t\t\tLe ch\u00e2teau\n\t\t\t\t<\/figcaption><\/figure><figure class='gallery-item'>\n\t\t\t<div class='gallery-icon landscape'>\n\t\t\t\t<a href='https:\/\/www.eoleenbeauce.fr\/wp-content\/uploads\/2017\/08\/Fains-2.jpg'><img loading=\"lazy\" decoding=\"async\" width=\"750\" height=\"474\" src=\"https:\/\/www.eoleenbeauce.fr\/wp-content\/uploads\/2017\/08\/Fains-2.jpg\" class=\"attachment-large size-large\" alt=\"\" aria-describedby=\"gallery-1-336\" srcset=\"https:\/\/www.eoleenbeauce.fr\/wp-content\/uploads\/2017\/08\/Fains-2.jpg 750w, https:\/\/www.eoleenbeauce.fr\/wp-content\/uploads\/2017\/08\/Fains-2-300x190.jpg 300w\" sizes=\"auto, (max-width: 750px) 100vw, 750px\" \/><\/a>\n\t\t\t<\/div>\n\t\t\t\t<figcaption class='wp-caption-text gallery-caption' id='gallery-1-336'>\n\t\t\t\tL&rsquo;entr\u00e9e du ch\u00e2teau\n\t\t\t\t<\/figcaption><\/figure><figure class='gallery-item'>\n\t\t\t<div class='gallery-icon landscape'>\n\t\t\t\t<a href='https:\/\/www.eoleenbeauce.fr\/wp-content\/uploads\/2017\/08\/194_001_28-fains-la-folie-le-chateau.jpg'><img loading=\"lazy\" decoding=\"async\" width=\"542\" height=\"362\" src=\"https:\/\/www.eoleenbeauce.fr\/wp-content\/uploads\/2017\/08\/194_001_28-fains-la-folie-le-chateau.jpg\" class=\"attachment-large size-large\" alt=\"\" aria-describedby=\"gallery-1-451\" srcset=\"https:\/\/www.eoleenbeauce.fr\/wp-content\/uploads\/2017\/08\/194_001_28-fains-la-folie-le-chateau.jpg 542w, https:\/\/www.eoleenbeauce.fr\/wp-content\/uploads\/2017\/08\/194_001_28-fains-la-folie-le-chateau-300x200.jpg 300w\" sizes=\"auto, (max-width: 542px) 100vw, 542px\" \/><\/a>\n\t\t\t<\/div>\n\t\t\t\t<figcaption class='wp-caption-text gallery-caption' id='gallery-1-451'>\n\t\t\t\tLe ch\u00e2teau\n\t\t\t\t<\/figcaption><\/figure><figure class='gallery-item'>\n\t\t\t<div class='gallery-icon landscape'>\n\t\t\t\t<a href='https:\/\/www.eoleenbeauce.fr\/wp-content\/uploads\/2017\/08\/199_001_28-fains-la-folie-le-chateau.jpg'><img loading=\"lazy\" decoding=\"async\" width=\"542\" height=\"362\" src=\"https:\/\/www.eoleenbeauce.fr\/wp-content\/uploads\/2017\/08\/199_001_28-fains-la-folie-le-chateau.jpg\" class=\"attachment-large size-large\" alt=\"\" aria-describedby=\"gallery-1-452\" srcset=\"https:\/\/www.eoleenbeauce.fr\/wp-content\/uploads\/2017\/08\/199_001_28-fains-la-folie-le-chateau.jpg 542w, https:\/\/www.eoleenbeauce.fr\/wp-content\/uploads\/2017\/08\/199_001_28-fains-la-folie-le-chateau-300x200.jpg 300w\" sizes=\"auto, (max-width: 542px) 100vw, 542px\" \/><\/a>\n\t\t\t<\/div>\n\t\t\t\t<figcaption class='wp-caption-text gallery-caption' id='gallery-1-452'>\n\t\t\t\tLe ch\u00e2teau\n\t\t\t\t<\/figcaption><\/figure><figure class='gallery-item'>\n\t\t\t<div class='gallery-icon landscape'>\n\t\t\t\t<a href='https:\/\/www.eoleenbeauce.fr\/wp-content\/uploads\/2017\/08\/620_001_fains-la-folie.jpg'><img loading=\"lazy\" decoding=\"async\" width=\"1019\" height=\"733\" src=\"https:\/\/www.eoleenbeauce.fr\/wp-content\/uploads\/2017\/08\/620_001_fains-la-folie.jpg\" class=\"attachment-large size-large\" alt=\"\" aria-describedby=\"gallery-1-462\" srcset=\"https:\/\/www.eoleenbeauce.fr\/wp-content\/uploads\/2017\/08\/620_001_fains-la-folie.jpg 1019w, https:\/\/www.eoleenbeauce.fr\/wp-content\/uploads\/2017\/08\/620_001_fains-la-folie-300x216.jpg 300w, https:\/\/www.eoleenbeauce.fr\/wp-content\/uploads\/2017\/08\/620_001_fains-la-folie-768x552.jpg 768w\" sizes=\"auto, (max-width: 1019px) 100vw, 1019px\" \/><\/a>\n\t\t\t<\/div>\n\t\t\t\t<figcaption class='wp-caption-text gallery-caption' id='gallery-1-462'>\n\t\t\t\tLe ch\u00e2teau et l&rsquo;\u00e9glise\n\t\t\t\t<\/figcaption><\/figure><figure class='gallery-item'>\n\t\t\t<div class='gallery-icon landscape'>\n\t\t\t\t<a href='https:\/\/www.eoleenbeauce.fr\/wp-content\/uploads\/2017\/08\/850_001_28-fains-la-folie-l-eglise-et-la-veranda-du-chateau.jpg'><img loading=\"lazy\" decoding=\"async\" width=\"1024\" height=\"668\" src=\"https:\/\/www.eoleenbeauce.fr\/wp-content\/uploads\/2017\/08\/850_001_28-fains-la-folie-l-eglise-et-la-veranda-du-chateau-1024x668.jpg\" class=\"attachment-large size-large\" alt=\"\" aria-describedby=\"gallery-1-466\" srcset=\"https:\/\/www.eoleenbeauce.fr\/wp-content\/uploads\/2017\/08\/850_001_28-fains-la-folie-l-eglise-et-la-veranda-du-chateau-1024x668.jpg 1024w, https:\/\/www.eoleenbeauce.fr\/wp-content\/uploads\/2017\/08\/850_001_28-fains-la-folie-l-eglise-et-la-veranda-du-chateau-300x196.jpg 300w, https:\/\/www.eoleenbeauce.fr\/wp-content\/uploads\/2017\/08\/850_001_28-fains-la-folie-l-eglise-et-la-veranda-du-chateau-768x501.jpg 768w, https:\/\/www.eoleenbeauce.fr\/wp-content\/uploads\/2017\/08\/850_001_28-fains-la-folie-l-eglise-et-la-veranda-du-chateau.jpg 1625w\" sizes=\"auto, (max-width: 1024px) 100vw, 1024px\" \/><\/a>\n\t\t\t<\/div>\n\t\t\t\t<figcaption class='wp-caption-text gallery-caption' id='gallery-1-466'>\n\t\t\t\tL&rsquo;\u00e9glise et la v\u00e9randa du ch\u00e2teau\n\t\t\t\t<\/figcaption><\/figure><figure class='gallery-item'>\n\t\t\t<div class='gallery-icon landscape'>\n\t\t\t\t<a href='https:\/\/www.eoleenbeauce.fr\/wp-content\/uploads\/2017\/08\/911_001_28-fains-la-folie-chateau-d28d-k28422k-c28145c-rh092111.jpg'><img loading=\"lazy\" decoding=\"async\" width=\"820\" height=\"550\" src=\"https:\/\/www.eoleenbeauce.fr\/wp-content\/uploads\/2017\/08\/911_001_28-fains-la-folie-chateau-d28d-k28422k-c28145c-rh092111.jpg\" class=\"attachment-large size-large\" alt=\"\" aria-describedby=\"gallery-1-469\" srcset=\"https:\/\/www.eoleenbeauce.fr\/wp-content\/uploads\/2017\/08\/911_001_28-fains-la-folie-chateau-d28d-k28422k-c28145c-rh092111.jpg 820w, https:\/\/www.eoleenbeauce.fr\/wp-content\/uploads\/2017\/08\/911_001_28-fains-la-folie-chateau-d28d-k28422k-c28145c-rh092111-300x201.jpg 300w, https:\/\/www.eoleenbeauce.fr\/wp-content\/uploads\/2017\/08\/911_001_28-fains-la-folie-chateau-d28d-k28422k-c28145c-rh092111-768x515.jpg 768w\" sizes=\"auto, (max-width: 820px) 100vw, 820px\" \/><\/a>\n\t\t\t<\/div>\n\t\t\t\t<figcaption class='wp-caption-text gallery-caption' id='gallery-1-469'>\n\t\t\t\tVue g\u00e9n\u00e9rale du ch\u00e2teau\n\t\t\t\t<\/figcaption><\/figure><figure class='gallery-item'>\n\t\t\t<div class='gallery-icon landscape'>\n\t\t\t\t<a href='https:\/\/www.eoleenbeauce.fr\/wp-content\/uploads\/2017\/08\/Fains-4.jpg'><img loading=\"lazy\" decoding=\"async\" width=\"900\" height=\"575\" src=\"https:\/\/www.eoleenbeauce.fr\/wp-content\/uploads\/2017\/08\/Fains-4.jpg\" class=\"attachment-large size-large\" alt=\"\" aria-describedby=\"gallery-1-338\" srcset=\"https:\/\/www.eoleenbeauce.fr\/wp-content\/uploads\/2017\/08\/Fains-4.jpg 900w, https:\/\/www.eoleenbeauce.fr\/wp-content\/uploads\/2017\/08\/Fains-4-300x192.jpg 300w, https:\/\/www.eoleenbeauce.fr\/wp-content\/uploads\/2017\/08\/Fains-4-768x491.jpg 768w\" sizes=\"auto, (max-width: 900px) 100vw, 900px\" \/><\/a>\n\t\t\t<\/div>\n\t\t\t\t<figcaption class='wp-caption-text gallery-caption' id='gallery-1-338'>\n\t\t\t\tL&rsquo;\u00e9glise de Fains la Folie\n\t\t\t\t<\/figcaption><\/figure><figure class='gallery-item'>\n\t\t\t<div class='gallery-icon landscape'>\n\t\t\t\t<a href='https:\/\/www.eoleenbeauce.fr\/wp-content\/uploads\/2017\/08\/Fains-6.jpg'><img loading=\"lazy\" decoding=\"async\" width=\"816\" height=\"522\" src=\"https:\/\/www.eoleenbeauce.fr\/wp-content\/uploads\/2017\/08\/Fains-6.jpg\" class=\"attachment-large size-large\" alt=\"\" aria-describedby=\"gallery-1-340\" srcset=\"https:\/\/www.eoleenbeauce.fr\/wp-content\/uploads\/2017\/08\/Fains-6.jpg 816w, https:\/\/www.eoleenbeauce.fr\/wp-content\/uploads\/2017\/08\/Fains-6-300x192.jpg 300w, https:\/\/www.eoleenbeauce.fr\/wp-content\/uploads\/2017\/08\/Fains-6-768x491.jpg 768w\" sizes=\"auto, (max-width: 816px) 100vw, 816px\" \/><\/a>\n\t\t\t<\/div>\n\t\t\t\t<figcaption class='wp-caption-text gallery-caption' id='gallery-1-340'>\n\t\t\t\tL&rsquo;\u00e9glise de Fains la Folie\n\t\t\t\t<\/figcaption><\/figure><figure class='gallery-item'>\n\t\t\t<div class='gallery-icon landscape'>\n\t\t\t\t<a href='https:\/\/www.eoleenbeauce.fr\/wp-content\/uploads\/2017\/08\/Fains-5.jpg'><img loading=\"lazy\" decoding=\"async\" width=\"531\" height=\"392\" src=\"https:\/\/www.eoleenbeauce.fr\/wp-content\/uploads\/2017\/08\/Fains-5.jpg\" class=\"attachment-large size-large\" alt=\"\" aria-describedby=\"gallery-1-339\" srcset=\"https:\/\/www.eoleenbeauce.fr\/wp-content\/uploads\/2017\/08\/Fains-5.jpg 531w, https:\/\/www.eoleenbeauce.fr\/wp-content\/uploads\/2017\/08\/Fains-5-300x221.jpg 300w\" sizes=\"auto, (max-width: 531px) 100vw, 531px\" \/><\/a>\n\t\t\t<\/div>\n\t\t\t\t<figcaption class='wp-caption-text gallery-caption' id='gallery-1-339'>\n\t\t\t\tL&rsquo;\u00e9glise de Fains la Folie\n\t\t\t\t<\/figcaption><\/figure><figure class='gallery-item'>\n\t\t\t<div class='gallery-icon landscape'>\n\t\t\t\t<a href='https:\/\/www.eoleenbeauce.fr\/wp-content\/uploads\/2017\/08\/1482863531-CPA-Fains-la-Folie.jpg'><img loading=\"lazy\" decoding=\"async\" width=\"800\" height=\"532\" src=\"https:\/\/www.eoleenbeauce.fr\/wp-content\/uploads\/2017\/08\/1482863531-CPA-Fains-la-Folie.jpg\" class=\"attachment-large size-large\" alt=\"\" aria-describedby=\"gallery-1-396\" srcset=\"https:\/\/www.eoleenbeauce.fr\/wp-content\/uploads\/2017\/08\/1482863531-CPA-Fains-la-Folie.jpg 800w, https:\/\/www.eoleenbeauce.fr\/wp-content\/uploads\/2017\/08\/1482863531-CPA-Fains-la-Folie-300x200.jpg 300w, https:\/\/www.eoleenbeauce.fr\/wp-content\/uploads\/2017\/08\/1482863531-CPA-Fains-la-Folie-768x511.jpg 768w\" sizes=\"auto, (max-width: 800px) 100vw, 800px\" \/><\/a>\n\t\t\t<\/div>\n\t\t\t\t<figcaption class='wp-caption-text gallery-caption' id='gallery-1-396'>\n\t\t\t\tL&rsquo;\u00e9glise de Fains la Folie\n\t\t\t\t<\/figcaption><\/figure><figure class='gallery-item'>\n\t\t\t<div class='gallery-icon portrait'>\n\t\t\t\t<a href='https:\/\/www.eoleenbeauce.fr\/wp-content\/uploads\/2017\/08\/541_001_fains-la-folie-interieur-de-l-egise.jpg'><img loading=\"lazy\" decoding=\"async\" width=\"510\" height=\"730\" src=\"https:\/\/www.eoleenbeauce.fr\/wp-content\/uploads\/2017\/08\/541_001_fains-la-folie-interieur-de-l-egise.jpg\" class=\"attachment-large size-large\" alt=\"\" aria-describedby=\"gallery-1-460\" srcset=\"https:\/\/www.eoleenbeauce.fr\/wp-content\/uploads\/2017\/08\/541_001_fains-la-folie-interieur-de-l-egise.jpg 510w, https:\/\/www.eoleenbeauce.fr\/wp-content\/uploads\/2017\/08\/541_001_fains-la-folie-interieur-de-l-egise-210x300.jpg 210w\" sizes=\"auto, (max-width: 510px) 100vw, 510px\" \/><\/a>\n\t\t\t<\/div>\n\t\t\t\t<figcaption class='wp-caption-text gallery-caption' id='gallery-1-460'>\n\t\t\t\tL&rsquo;\u00e9glise\n\t\t\t\t<\/figcaption><\/figure><figure class='gallery-item'>\n\t\t\t<div class='gallery-icon landscape'>\n\t\t\t\t<a href='https:\/\/www.eoleenbeauce.fr\/wp-content\/uploads\/2017\/08\/Cartes-postales-FAINS-La-place-vue-prise-rue-de-Sancheville-B.png'><img loading=\"lazy\" decoding=\"async\" width=\"1000\" height=\"642\" src=\"https:\/\/www.eoleenbeauce.fr\/wp-content\/uploads\/2017\/08\/Cartes-postales-FAINS-La-place-vue-prise-rue-de-Sancheville-B.png\" class=\"attachment-large size-large\" alt=\"\" aria-describedby=\"gallery-1-902\" srcset=\"https:\/\/www.eoleenbeauce.fr\/wp-content\/uploads\/2017\/08\/Cartes-postales-FAINS-La-place-vue-prise-rue-de-Sancheville-B.png 1000w, https:\/\/www.eoleenbeauce.fr\/wp-content\/uploads\/2017\/08\/Cartes-postales-FAINS-La-place-vue-prise-rue-de-Sancheville-B-300x193.png 300w, https:\/\/www.eoleenbeauce.fr\/wp-content\/uploads\/2017\/08\/Cartes-postales-FAINS-La-place-vue-prise-rue-de-Sancheville-B-768x493.png 768w\" sizes=\"auto, (max-width: 1000px) 100vw, 1000px\" \/><\/a>\n\t\t\t<\/div>\n\t\t\t\t<figcaption class='wp-caption-text gallery-caption' id='gallery-1-902'>\n\t\t\t\tLa place, vue rue de Sancheville\n\t\t\t\t<\/figcaption><\/figure><figure class='gallery-item'>\n\t\t\t<div class='gallery-icon landscape'>\n\t\t\t\t<a href='https:\/\/www.eoleenbeauce.fr\/wp-content\/uploads\/2017\/08\/Fains-16.jpg'><img loading=\"lazy\" decoding=\"async\" width=\"395\" height=\"242\" src=\"https:\/\/www.eoleenbeauce.fr\/wp-content\/uploads\/2017\/08\/Fains-16.jpg\" class=\"attachment-large size-large\" alt=\"\" aria-describedby=\"gallery-1-350\" srcset=\"https:\/\/www.eoleenbeauce.fr\/wp-content\/uploads\/2017\/08\/Fains-16.jpg 395w, https:\/\/www.eoleenbeauce.fr\/wp-content\/uploads\/2017\/08\/Fains-16-300x184.jpg 300w\" sizes=\"auto, (max-width: 395px) 100vw, 395px\" \/><\/a>\n\t\t\t<\/div>\n\t\t\t\t<figcaption class='wp-caption-text gallery-caption' id='gallery-1-350'>\n\t\t\t\tLa Mairie\n\t\t\t\t<\/figcaption><\/figure><figure class='gallery-item'>\n\t\t\t<div class='gallery-icon landscape'>\n\t\t\t\t<a href='https:\/\/www.eoleenbeauce.fr\/wp-content\/uploads\/2017\/08\/Fains-7.jpg'><img loading=\"lazy\" decoding=\"async\" width=\"400\" height=\"267\" src=\"https:\/\/www.eoleenbeauce.fr\/wp-content\/uploads\/2017\/08\/Fains-7.jpg\" class=\"attachment-large size-large\" alt=\"\" aria-describedby=\"gallery-1-341\" srcset=\"https:\/\/www.eoleenbeauce.fr\/wp-content\/uploads\/2017\/08\/Fains-7.jpg 400w, https:\/\/www.eoleenbeauce.fr\/wp-content\/uploads\/2017\/08\/Fains-7-300x200.jpg 300w\" sizes=\"auto, (max-width: 400px) 100vw, 400px\" \/><\/a>\n\t\t\t<\/div>\n\t\t\t\t<figcaption class='wp-caption-text gallery-caption' id='gallery-1-341'>\n\t\t\t\tLa rue du Bourg Neuf\n\t\t\t\t<\/figcaption><\/figure><figure class='gallery-item'>\n\t\t\t<div class='gallery-icon landscape'>\n\t\t\t\t<a href='https:\/\/www.eoleenbeauce.fr\/wp-content\/uploads\/2017\/08\/002_001_28-fains-la-folie-n-1186-rue-du-bourg-neuf.jpg'><img loading=\"lazy\" decoding=\"async\" width=\"837\" height=\"548\" src=\"https:\/\/www.eoleenbeauce.fr\/wp-content\/uploads\/2017\/08\/002_001_28-fains-la-folie-n-1186-rue-du-bourg-neuf.jpg\" class=\"attachment-large size-large\" alt=\"\" aria-describedby=\"gallery-1-441\" srcset=\"https:\/\/www.eoleenbeauce.fr\/wp-content\/uploads\/2017\/08\/002_001_28-fains-la-folie-n-1186-rue-du-bourg-neuf.jpg 837w, https:\/\/www.eoleenbeauce.fr\/wp-content\/uploads\/2017\/08\/002_001_28-fains-la-folie-n-1186-rue-du-bourg-neuf-300x196.jpg 300w, https:\/\/www.eoleenbeauce.fr\/wp-content\/uploads\/2017\/08\/002_001_28-fains-la-folie-n-1186-rue-du-bourg-neuf-768x503.jpg 768w\" sizes=\"auto, (max-width: 837px) 100vw, 837px\" \/><\/a>\n\t\t\t<\/div>\n\t\t\t\t<figcaption class='wp-caption-text gallery-caption' id='gallery-1-441'>\n\t\t\t\tLa rue du Bourg Neuf\n\t\t\t\t<\/figcaption><\/figure><figure class='gallery-item'>\n\t\t\t<div class='gallery-icon landscape'>\n\t\t\t\t<a href='https:\/\/www.eoleenbeauce.fr\/wp-content\/uploads\/2017\/08\/Cartes-postales-FAINS-La-rue-du-bourg-neuf-B.png'><img loading=\"lazy\" decoding=\"async\" width=\"1000\" height=\"666\" src=\"https:\/\/www.eoleenbeauce.fr\/wp-content\/uploads\/2017\/08\/Cartes-postales-FAINS-La-rue-du-bourg-neuf-B.png\" class=\"attachment-large size-large\" alt=\"\" aria-describedby=\"gallery-1-904\" srcset=\"https:\/\/www.eoleenbeauce.fr\/wp-content\/uploads\/2017\/08\/Cartes-postales-FAINS-La-rue-du-bourg-neuf-B.png 1000w, https:\/\/www.eoleenbeauce.fr\/wp-content\/uploads\/2017\/08\/Cartes-postales-FAINS-La-rue-du-bourg-neuf-B-300x200.png 300w, https:\/\/www.eoleenbeauce.fr\/wp-content\/uploads\/2017\/08\/Cartes-postales-FAINS-La-rue-du-bourg-neuf-B-768x511.png 768w\" sizes=\"auto, (max-width: 1000px) 100vw, 1000px\" \/><\/a>\n\t\t\t<\/div>\n\t\t\t\t<figcaption class='wp-caption-text gallery-caption' id='gallery-1-904'>\n\t\t\t\tLa rue du bourg neuf\n\t\t\t\t<\/figcaption><\/figure><figure class='gallery-item'>\n\t\t\t<div class='gallery-icon landscape'>\n\t\t\t\t<a href='https:\/\/www.eoleenbeauce.fr\/wp-content\/uploads\/2017\/08\/003_001_fains-la-folie-un-coin-pittoresque.jpg'><img loading=\"lazy\" decoding=\"async\" width=\"1024\" height=\"780\" src=\"https:\/\/www.eoleenbeauce.fr\/wp-content\/uploads\/2017\/08\/003_001_fains-la-folie-un-coin-pittoresque-1024x780.jpg\" class=\"attachment-large size-large\" alt=\"\" aria-describedby=\"gallery-1-443\" srcset=\"https:\/\/www.eoleenbeauce.fr\/wp-content\/uploads\/2017\/08\/003_001_fains-la-folie-un-coin-pittoresque-1024x780.jpg 1024w, https:\/\/www.eoleenbeauce.fr\/wp-content\/uploads\/2017\/08\/003_001_fains-la-folie-un-coin-pittoresque-300x229.jpg 300w, https:\/\/www.eoleenbeauce.fr\/wp-content\/uploads\/2017\/08\/003_001_fains-la-folie-un-coin-pittoresque-768x585.jpg 768w, https:\/\/www.eoleenbeauce.fr\/wp-content\/uploads\/2017\/08\/003_001_fains-la-folie-un-coin-pittoresque.jpg 1625w\" sizes=\"auto, (max-width: 1024px) 100vw, 1024px\" \/><\/a>\n\t\t\t<\/div>\n\t\t\t\t<figcaption class='wp-caption-text gallery-caption' id='gallery-1-443'>\n\t\t\t\tUn coin pittoresque\n\t\t\t\t<\/figcaption><\/figure><figure class='gallery-item'>\n\t\t\t<div class='gallery-icon landscape'>\n\t\t\t\t<a href='https:\/\/www.eoleenbeauce.fr\/wp-content\/uploads\/2017\/08\/833_001_28-fains-la-folie-la-gare-tbe.jpg'><img loading=\"lazy\" decoding=\"async\" width=\"1020\" height=\"698\" src=\"https:\/\/www.eoleenbeauce.fr\/wp-content\/uploads\/2017\/08\/833_001_28-fains-la-folie-la-gare-tbe.jpg\" class=\"attachment-large size-large\" alt=\"\" aria-describedby=\"gallery-1-464\" srcset=\"https:\/\/www.eoleenbeauce.fr\/wp-content\/uploads\/2017\/08\/833_001_28-fains-la-folie-la-gare-tbe.jpg 1020w, https:\/\/www.eoleenbeauce.fr\/wp-content\/uploads\/2017\/08\/833_001_28-fains-la-folie-la-gare-tbe-300x205.jpg 300w, https:\/\/www.eoleenbeauce.fr\/wp-content\/uploads\/2017\/08\/833_001_28-fains-la-folie-la-gare-tbe-768x526.jpg 768w\" sizes=\"auto, (max-width: 1020px) 100vw, 1020px\" \/><\/a>\n\t\t\t<\/div>\n\t\t\t\t<figcaption class='wp-caption-text gallery-caption' id='gallery-1-464'>\n\t\t\t\tLa gare\n\t\t\t\t<\/figcaption><\/figure><figure class='gallery-item'>\n\t\t\t<div class='gallery-icon landscape'>\n\t\t\t\t<a href='https:\/\/www.eoleenbeauce.fr\/wp-content\/uploads\/2017\/08\/477_001_28-fains-la-folie-la-gare-1926-animation-velos-dos-vert-divise.jpg'><img loading=\"lazy\" decoding=\"async\" width=\"860\" height=\"565\" src=\"https:\/\/www.eoleenbeauce.fr\/wp-content\/uploads\/2017\/08\/477_001_28-fains-la-folie-la-gare-1926-animation-velos-dos-vert-divise.jpg\" class=\"attachment-large size-large\" alt=\"\" aria-describedby=\"gallery-1-458\" srcset=\"https:\/\/www.eoleenbeauce.fr\/wp-content\/uploads\/2017\/08\/477_001_28-fains-la-folie-la-gare-1926-animation-velos-dos-vert-divise.jpg 860w, https:\/\/www.eoleenbeauce.fr\/wp-content\/uploads\/2017\/08\/477_001_28-fains-la-folie-la-gare-1926-animation-velos-dos-vert-divise-300x197.jpg 300w, https:\/\/www.eoleenbeauce.fr\/wp-content\/uploads\/2017\/08\/477_001_28-fains-la-folie-la-gare-1926-animation-velos-dos-vert-divise-768x505.jpg 768w\" sizes=\"auto, (max-width: 860px) 100vw, 860px\" \/><\/a>\n\t\t\t<\/div>\n\t\t\t\t<figcaption class='wp-caption-text gallery-caption' id='gallery-1-458'>\n\t\t\t\tLa gare\n\t\t\t\t<\/figcaption><\/figure><figure class='gallery-item'>\n\t\t\t<div class='gallery-icon landscape'>\n\t\t\t\t<a href='https:\/\/www.eoleenbeauce.fr\/wp-content\/uploads\/2017\/08\/Fains-9.jpg'><img loading=\"lazy\" decoding=\"async\" width=\"986\" height=\"634\" src=\"https:\/\/www.eoleenbeauce.fr\/wp-content\/uploads\/2017\/08\/Fains-9.jpg\" class=\"attachment-large size-large\" alt=\"\" aria-describedby=\"gallery-1-343\" srcset=\"https:\/\/www.eoleenbeauce.fr\/wp-content\/uploads\/2017\/08\/Fains-9.jpg 986w, https:\/\/www.eoleenbeauce.fr\/wp-content\/uploads\/2017\/08\/Fains-9-300x193.jpg 300w, https:\/\/www.eoleenbeauce.fr\/wp-content\/uploads\/2017\/08\/Fains-9-768x494.jpg 768w\" sizes=\"auto, (max-width: 986px) 100vw, 986px\" \/><\/a>\n\t\t\t<\/div>\n\t\t\t\t<figcaption class='wp-caption-text gallery-caption' id='gallery-1-343'>\n\t\t\t\tLa gare\n\t\t\t\t<\/figcaption><\/figure><figure class='gallery-item'>\n\t\t\t<div class='gallery-icon landscape'>\n\t\t\t\t<a href='https:\/\/www.eoleenbeauce.fr\/wp-content\/uploads\/2017\/08\/Fains-10.jpg'><img loading=\"lazy\" decoding=\"async\" width=\"995\" height=\"632\" src=\"https:\/\/www.eoleenbeauce.fr\/wp-content\/uploads\/2017\/08\/Fains-10.jpg\" class=\"attachment-large size-large\" alt=\"\" aria-describedby=\"gallery-1-344\" srcset=\"https:\/\/www.eoleenbeauce.fr\/wp-content\/uploads\/2017\/08\/Fains-10.jpg 995w, https:\/\/www.eoleenbeauce.fr\/wp-content\/uploads\/2017\/08\/Fains-10-300x191.jpg 300w, https:\/\/www.eoleenbeauce.fr\/wp-content\/uploads\/2017\/08\/Fains-10-768x488.jpg 768w\" sizes=\"auto, (max-width: 995px) 100vw, 995px\" \/><\/a>\n\t\t\t<\/div>\n\t\t\t\t<figcaption class='wp-caption-text gallery-caption' id='gallery-1-344'>\n\t\t\t\tLa gare\n\t\t\t\t<\/figcaption><\/figure><figure class='gallery-item'>\n\t\t\t<div class='gallery-icon landscape'>\n\t\t\t\t<a href='https:\/\/www.eoleenbeauce.fr\/wp-content\/uploads\/2017\/08\/910_001_fains-la-folie-la-gare-pte-animation.jpg'><img loading=\"lazy\" decoding=\"async\" width=\"1019\" height=\"735\" src=\"https:\/\/www.eoleenbeauce.fr\/wp-content\/uploads\/2017\/08\/910_001_fains-la-folie-la-gare-pte-animation.jpg\" class=\"attachment-large size-large\" alt=\"\" aria-describedby=\"gallery-1-468\" srcset=\"https:\/\/www.eoleenbeauce.fr\/wp-content\/uploads\/2017\/08\/910_001_fains-la-folie-la-gare-pte-animation.jpg 1019w, https:\/\/www.eoleenbeauce.fr\/wp-content\/uploads\/2017\/08\/910_001_fains-la-folie-la-gare-pte-animation-300x216.jpg 300w, https:\/\/www.eoleenbeauce.fr\/wp-content\/uploads\/2017\/08\/910_001_fains-la-folie-la-gare-pte-animation-768x554.jpg 768w\" sizes=\"auto, (max-width: 1019px) 100vw, 1019px\" \/><\/a>\n\t\t\t<\/div>\n\t\t\t\t<figcaption class='wp-caption-text gallery-caption' id='gallery-1-468'>\n\t\t\t\tLa gare\n\t\t\t\t<\/figcaption><\/figure><figure class='gallery-item'>\n\t\t\t<div class='gallery-icon portrait'>\n\t\t\t\t<a href='https:\/\/www.eoleenbeauce.fr\/wp-content\/uploads\/2017\/08\/s-l500.jpg'><img loading=\"lazy\" decoding=\"async\" width=\"315\" height=\"500\" src=\"https:\/\/www.eoleenbeauce.fr\/wp-content\/uploads\/2017\/08\/s-l500.jpg\" class=\"attachment-large size-large\" alt=\"\" aria-describedby=\"gallery-1-398\" srcset=\"https:\/\/www.eoleenbeauce.fr\/wp-content\/uploads\/2017\/08\/s-l500.jpg 315w, https:\/\/www.eoleenbeauce.fr\/wp-content\/uploads\/2017\/08\/s-l500-189x300.jpg 189w\" sizes=\"auto, (max-width: 315px) 100vw, 315px\" \/><\/a>\n\t\t\t<\/div>\n\t\t\t\t<figcaption class='wp-caption-text gallery-caption' id='gallery-1-398'>\n\t\t\t\tLe moulin \u00e0 vent\n\t\t\t\t<\/figcaption><\/figure><figure class='gallery-item'>\n\t\t\t<div class='gallery-icon portrait'>\n\t\t\t\t<a href='https:\/\/www.eoleenbeauce.fr\/wp-content\/uploads\/2017\/08\/Cartes-postales-FAINS-Le-moulin-B-e1505376117270.png'><img loading=\"lazy\" decoding=\"async\" width=\"651\" height=\"1000\" src=\"https:\/\/www.eoleenbeauce.fr\/wp-content\/uploads\/2017\/08\/Cartes-postales-FAINS-Le-moulin-B-e1505376117270.png\" class=\"attachment-large size-large\" alt=\"\" aria-describedby=\"gallery-1-906\" srcset=\"https:\/\/www.eoleenbeauce.fr\/wp-content\/uploads\/2017\/08\/Cartes-postales-FAINS-Le-moulin-B-e1505376117270.png 651w, https:\/\/www.eoleenbeauce.fr\/wp-content\/uploads\/2017\/08\/Cartes-postales-FAINS-Le-moulin-B-e1505376117270-195x300.png 195w\" sizes=\"auto, (max-width: 651px) 100vw, 651px\" \/><\/a>\n\t\t\t<\/div>\n\t\t\t\t<figcaption class='wp-caption-text gallery-caption' id='gallery-1-906'>\n\t\t\t\tLe moulin \u00e0 vent\n\t\t\t\t<\/figcaption><\/figure><figure class='gallery-item'>\n\t\t\t<div class='gallery-icon landscape'>\n\t\t\t\t<a href='https:\/\/www.eoleenbeauce.fr\/wp-content\/uploads\/2017\/08\/s-l1600-4.jpg'><img loading=\"lazy\" decoding=\"async\" width=\"1000\" height=\"636\" src=\"https:\/\/www.eoleenbeauce.fr\/wp-content\/uploads\/2017\/08\/s-l1600-4.jpg\" class=\"attachment-large size-large\" alt=\"\" aria-describedby=\"gallery-1-402\" srcset=\"https:\/\/www.eoleenbeauce.fr\/wp-content\/uploads\/2017\/08\/s-l1600-4.jpg 1000w, https:\/\/www.eoleenbeauce.fr\/wp-content\/uploads\/2017\/08\/s-l1600-4-300x191.jpg 300w, https:\/\/www.eoleenbeauce.fr\/wp-content\/uploads\/2017\/08\/s-l1600-4-768x488.jpg 768w\" sizes=\"auto, (max-width: 1000px) 100vw, 1000px\" \/><\/a>\n\t\t\t<\/div>\n\t\t\t\t<figcaption class='wp-caption-text gallery-caption' id='gallery-1-402'>\n\t\t\t\tLa Folie Herbault &#8211; la rue principale\n\t\t\t\t<\/figcaption><\/figure><figure class='gallery-item'>\n\t\t\t<div class='gallery-icon landscape'>\n\t\t\t\t<a href='https:\/\/www.eoleenbeauce.fr\/wp-content\/uploads\/2017\/08\/Fains-15.jpg'><img loading=\"lazy\" decoding=\"async\" width=\"800\" height=\"513\" src=\"https:\/\/www.eoleenbeauce.fr\/wp-content\/uploads\/2017\/08\/Fains-15.jpg\" class=\"attachment-large size-large\" alt=\"\" aria-describedby=\"gallery-1-349\" srcset=\"https:\/\/www.eoleenbeauce.fr\/wp-content\/uploads\/2017\/08\/Fains-15.jpg 800w, https:\/\/www.eoleenbeauce.fr\/wp-content\/uploads\/2017\/08\/Fains-15-300x192.jpg 300w, https:\/\/www.eoleenbeauce.fr\/wp-content\/uploads\/2017\/08\/Fains-15-768x492.jpg 768w\" sizes=\"auto, (max-width: 800px) 100vw, 800px\" \/><\/a>\n\t\t\t<\/div>\n\t\t\t\t<figcaption class='wp-caption-text gallery-caption' id='gallery-1-349'>\n\t\t\t\tL&rsquo;\u00e9glise de La Folie Herbault\n\t\t\t\t<\/figcaption><\/figure><figure class='gallery-item'>\n\t\t\t<div class='gallery-icon landscape'>\n\t\t\t\t<a href='https:\/\/www.eoleenbeauce.fr\/wp-content\/uploads\/2017\/08\/177_001_28-sancheville-ferme-de-la-folie-herbault.jpg'><img loading=\"lazy\" decoding=\"async\" width=\"542\" height=\"362\" src=\"https:\/\/www.eoleenbeauce.fr\/wp-content\/uploads\/2017\/08\/177_001_28-sancheville-ferme-de-la-folie-herbault.jpg\" class=\"attachment-large size-large\" alt=\"\" aria-describedby=\"gallery-1-450\" srcset=\"https:\/\/www.eoleenbeauce.fr\/wp-content\/uploads\/2017\/08\/177_001_28-sancheville-ferme-de-la-folie-herbault.jpg 542w, https:\/\/www.eoleenbeauce.fr\/wp-content\/uploads\/2017\/08\/177_001_28-sancheville-ferme-de-la-folie-herbault-300x200.jpg 300w\" sizes=\"auto, (max-width: 542px) 100vw, 542px\" \/><\/a>\n\t\t\t<\/div>\n\t\t\t\t<figcaption class='wp-caption-text gallery-caption' id='gallery-1-450'>\n\t\t\t\tLa ferme de La Folie Herbault\n\t\t\t\t<\/figcaption><\/figure><figure class='gallery-item'>\n\t\t\t<div class='gallery-icon landscape'>\n\t\t\t\t<a href='https:\/\/www.eoleenbeauce.fr\/wp-content\/uploads\/2017\/08\/347_001_28-environs-de-sancheville-ferme-de-la-folie-herbault-belle-animation.jpg'><img loading=\"lazy\" decoding=\"async\" width=\"925\" height=\"620\" src=\"https:\/\/www.eoleenbeauce.fr\/wp-content\/uploads\/2017\/08\/347_001_28-environs-de-sancheville-ferme-de-la-folie-herbault-belle-animation.jpg\" class=\"attachment-large size-large\" alt=\"\" aria-describedby=\"gallery-1-455\" srcset=\"https:\/\/www.eoleenbeauce.fr\/wp-content\/uploads\/2017\/08\/347_001_28-environs-de-sancheville-ferme-de-la-folie-herbault-belle-animation.jpg 925w, https:\/\/www.eoleenbeauce.fr\/wp-content\/uploads\/2017\/08\/347_001_28-environs-de-sancheville-ferme-de-la-folie-herbault-belle-animation-300x201.jpg 300w, https:\/\/www.eoleenbeauce.fr\/wp-content\/uploads\/2017\/08\/347_001_28-environs-de-sancheville-ferme-de-la-folie-herbault-belle-animation-768x515.jpg 768w\" sizes=\"auto, (max-width: 925px) 100vw, 925px\" \/><\/a>\n\t\t\t<\/div>\n\t\t\t\t<figcaption class='wp-caption-text gallery-caption' id='gallery-1-455'>\n\t\t\t\tLa ferme de La Folie Herbault\n\t\t\t\t<\/figcaption><\/figure><figure class='gallery-item'>\n\t\t\t<div class='gallery-icon landscape'>\n\t\t\t\t<a href='https:\/\/www.eoleenbeauce.fr\/wp-content\/uploads\/2017\/08\/Fains-13.jpg'><img loading=\"lazy\" decoding=\"async\" width=\"1000\" height=\"654\" src=\"https:\/\/www.eoleenbeauce.fr\/wp-content\/uploads\/2017\/08\/Fains-13.jpg\" class=\"attachment-large size-large\" alt=\"\" aria-describedby=\"gallery-1-347\" srcset=\"https:\/\/www.eoleenbeauce.fr\/wp-content\/uploads\/2017\/08\/Fains-13.jpg 1000w, https:\/\/www.eoleenbeauce.fr\/wp-content\/uploads\/2017\/08\/Fains-13-300x196.jpg 300w, https:\/\/www.eoleenbeauce.fr\/wp-content\/uploads\/2017\/08\/Fains-13-768x502.jpg 768w\" sizes=\"auto, (max-width: 1000px) 100vw, 1000px\" \/><\/a>\n\t\t\t<\/div>\n\t\t\t\t<figcaption class='wp-caption-text gallery-caption' id='gallery-1-347'>\n\t\t\t\tLe moulin de La Folie Herbault\n\t\t\t\t<\/figcaption><\/figure><figure class='gallery-item'>\n\t\t\t<div class='gallery-icon landscape'>\n\t\t\t\t<a href='https:\/\/www.eoleenbeauce.fr\/wp-content\/uploads\/2017\/08\/202_001_28-auffains-eure-et-loir-la-forge-un-ferrage-de-roues-belle-animation.jpg'><img loading=\"lazy\" decoding=\"async\" width=\"1024\" height=\"700\" src=\"https:\/\/www.eoleenbeauce.fr\/wp-content\/uploads\/2017\/08\/202_001_28-auffains-eure-et-loir-la-forge-un-ferrage-de-roues-belle-animation-1024x700.jpg\" class=\"attachment-large size-large\" alt=\"\" aria-describedby=\"gallery-1-453\" srcset=\"https:\/\/www.eoleenbeauce.fr\/wp-content\/uploads\/2017\/08\/202_001_28-auffains-eure-et-loir-la-forge-un-ferrage-de-roues-belle-animation-1024x700.jpg 1024w, https:\/\/www.eoleenbeauce.fr\/wp-content\/uploads\/2017\/08\/202_001_28-auffains-eure-et-loir-la-forge-un-ferrage-de-roues-belle-animation-300x205.jpg 300w, https:\/\/www.eoleenbeauce.fr\/wp-content\/uploads\/2017\/08\/202_001_28-auffains-eure-et-loir-la-forge-un-ferrage-de-roues-belle-animation-768x525.jpg 768w, https:\/\/www.eoleenbeauce.fr\/wp-content\/uploads\/2017\/08\/202_001_28-auffains-eure-et-loir-la-forge-un-ferrage-de-roues-belle-animation.jpg 1060w\" sizes=\"auto, (max-width: 1024px) 100vw, 1024px\" \/><\/a>\n\t\t\t<\/div>\n\t\t\t\t<figcaption class='wp-caption-text gallery-caption' id='gallery-1-453'>\n\t\t\t\tAuffains &#8211; la forge, un ferrage de roue\n\t\t\t\t<\/figcaption><\/figure><figure class='gallery-item'>\n\t\t\t<div class='gallery-icon landscape'>\n\t\t\t\t<a href='https:\/\/www.eoleenbeauce.fr\/wp-content\/uploads\/2017\/08\/855_001_auffains-la-rue-de-sancheville-c1888.jpg'><img loading=\"lazy\" decoding=\"async\" width=\"848\" height=\"546\" src=\"https:\/\/www.eoleenbeauce.fr\/wp-content\/uploads\/2017\/08\/855_001_auffains-la-rue-de-sancheville-c1888.jpg\" class=\"attachment-large size-large\" alt=\"\" aria-describedby=\"gallery-1-467\" srcset=\"https:\/\/www.eoleenbeauce.fr\/wp-content\/uploads\/2017\/08\/855_001_auffains-la-rue-de-sancheville-c1888.jpg 848w, https:\/\/www.eoleenbeauce.fr\/wp-content\/uploads\/2017\/08\/855_001_auffains-la-rue-de-sancheville-c1888-300x193.jpg 300w, https:\/\/www.eoleenbeauce.fr\/wp-content\/uploads\/2017\/08\/855_001_auffains-la-rue-de-sancheville-c1888-768x494.jpg 768w\" sizes=\"auto, (max-width: 848px) 100vw, 848px\" \/><\/a>\n\t\t\t<\/div>\n\t\t\t\t<figcaption class='wp-caption-text gallery-caption' id='gallery-1-467'>\n\t\t\t\tAuffains &#8211; rue de Sancheville\n\t\t\t\t<\/figcaption><\/figure><figure class='gallery-item'>\n\t\t\t<div class='gallery-icon landscape'>\n\t\t\t\t<a href='https:\/\/www.eoleenbeauce.fr\/wp-content\/uploads\/2017\/08\/Baignolet-3.jpg'><img loading=\"lazy\" decoding=\"async\" width=\"800\" height=\"512\" src=\"https:\/\/www.eoleenbeauce.fr\/wp-content\/uploads\/2017\/08\/Baignolet-3.jpg\" class=\"attachment-large size-large\" alt=\"\" aria-describedby=\"gallery-1-333\" srcset=\"https:\/\/www.eoleenbeauce.fr\/wp-content\/uploads\/2017\/08\/Baignolet-3.jpg 800w, https:\/\/www.eoleenbeauce.fr\/wp-content\/uploads\/2017\/08\/Baignolet-3-300x192.jpg 300w, https:\/\/www.eoleenbeauce.fr\/wp-content\/uploads\/2017\/08\/Baignolet-3-768x492.jpg 768w\" sizes=\"auto, (max-width: 800px) 100vw, 800px\" \/><\/a>\n\t\t\t<\/div>\n\t\t\t\t<figcaption class='wp-caption-text gallery-caption' id='gallery-1-333'>\n\t\t\t\tLa Ferme de la M\u00e9tairie \u00e0 Auffains\n\t\t\t\t<\/figcaption><\/figure><figure class='gallery-item'>\n\t\t\t<div class='gallery-icon landscape'>\n\t\t\t\t<a href='https:\/\/www.eoleenbeauce.fr\/wp-content\/uploads\/2017\/08\/Fains-8.jpg'><img loading=\"lazy\" decoding=\"async\" width=\"750\" height=\"530\" src=\"https:\/\/www.eoleenbeauce.fr\/wp-content\/uploads\/2017\/08\/Fains-8.jpg\" class=\"attachment-large size-large\" alt=\"\" aria-describedby=\"gallery-1-342\" srcset=\"https:\/\/www.eoleenbeauce.fr\/wp-content\/uploads\/2017\/08\/Fains-8.jpg 750w, https:\/\/www.eoleenbeauce.fr\/wp-content\/uploads\/2017\/08\/Fains-8-300x212.jpg 300w\" sizes=\"auto, (max-width: 750px) 100vw, 750px\" \/><\/a>\n\t\t\t<\/div>\n\t\t\t\t<figcaption class='wp-caption-text gallery-caption' id='gallery-1-342'>\n\t\t\t\tLa F\u00eate de la Moisson\n\t\t\t\t<\/figcaption><\/figure><figure class='gallery-item'>\n\t\t\t<div class='gallery-icon landscape'>\n\t\t\t\t<a href='https:\/\/www.eoleenbeauce.fr\/wp-content\/uploads\/2017\/08\/012_001_theme-moisson-presse-a-paille-fains-la-folie-28.jpg'><img loading=\"lazy\" decoding=\"async\" width=\"420\" height=\"330\" src=\"https:\/\/www.eoleenbeauce.fr\/wp-content\/uploads\/2017\/08\/012_001_theme-moisson-presse-a-paille-fains-la-folie-28.jpg\" class=\"attachment-large size-large\" alt=\"\" aria-describedby=\"gallery-1-444\" srcset=\"https:\/\/www.eoleenbeauce.fr\/wp-content\/uploads\/2017\/08\/012_001_theme-moisson-presse-a-paille-fains-la-folie-28.jpg 420w, https:\/\/www.eoleenbeauce.fr\/wp-content\/uploads\/2017\/08\/012_001_theme-moisson-presse-a-paille-fains-la-folie-28-300x236.jpg 300w\" sizes=\"auto, (max-width: 420px) 100vw, 420px\" \/><\/a>\n\t\t\t<\/div>\n\t\t\t\t<figcaption class='wp-caption-text gallery-caption' id='gallery-1-444'>\n\t\t\t\tF\u00eate de la moisson\n\t\t\t\t<\/figcaption><\/figure><figure class='gallery-item'>\n\t\t\t<div class='gallery-icon landscape'>\n\t\t\t\t<a href='https:\/\/www.eoleenbeauce.fr\/wp-content\/uploads\/2017\/08\/080_001_fains-la-folie-fete-de-la-moisson-3-septembre-1989-la-batteuse.jpg'><img loading=\"lazy\" decoding=\"async\" width=\"769\" height=\"565\" src=\"https:\/\/www.eoleenbeauce.fr\/wp-content\/uploads\/2017\/08\/080_001_fains-la-folie-fete-de-la-moisson-3-septembre-1989-la-batteuse.jpg\" class=\"attachment-large size-large\" alt=\"\" aria-describedby=\"gallery-1-445\" srcset=\"https:\/\/www.eoleenbeauce.fr\/wp-content\/uploads\/2017\/08\/080_001_fains-la-folie-fete-de-la-moisson-3-septembre-1989-la-batteuse.jpg 769w, https:\/\/www.eoleenbeauce.fr\/wp-content\/uploads\/2017\/08\/080_001_fains-la-folie-fete-de-la-moisson-3-septembre-1989-la-batteuse-300x220.jpg 300w, https:\/\/www.eoleenbeauce.fr\/wp-content\/uploads\/2017\/08\/080_001_fains-la-folie-fete-de-la-moisson-3-septembre-1989-la-batteuse-768x564.jpg 768w\" sizes=\"auto, (max-width: 769px) 100vw, 769px\" \/><\/a>\n\t\t\t<\/div>\n\t\t\t\t<figcaption class='wp-caption-text gallery-caption' id='gallery-1-445'>\n\t\t\t\tF\u00eate de la moisson &#8211; la batteuse\n\t\t\t\t<\/figcaption><\/figure><figure class='gallery-item'>\n\t\t\t<div class='gallery-icon landscape'>\n\t\t\t\t<a href='https:\/\/www.eoleenbeauce.fr\/wp-content\/uploads\/2017\/08\/088_001_fains-la-folie-fete-de-la-moisson-3-septembre-1989-la-trepigneuse.jpg'><img loading=\"lazy\" decoding=\"async\" width=\"769\" height=\"565\" src=\"https:\/\/www.eoleenbeauce.fr\/wp-content\/uploads\/2017\/08\/088_001_fains-la-folie-fete-de-la-moisson-3-septembre-1989-la-trepigneuse.jpg\" class=\"attachment-large size-large\" alt=\"\" aria-describedby=\"gallery-1-446\" srcset=\"https:\/\/www.eoleenbeauce.fr\/wp-content\/uploads\/2017\/08\/088_001_fains-la-folie-fete-de-la-moisson-3-septembre-1989-la-trepigneuse.jpg 769w, https:\/\/www.eoleenbeauce.fr\/wp-content\/uploads\/2017\/08\/088_001_fains-la-folie-fete-de-la-moisson-3-septembre-1989-la-trepigneuse-300x220.jpg 300w, https:\/\/www.eoleenbeauce.fr\/wp-content\/uploads\/2017\/08\/088_001_fains-la-folie-fete-de-la-moisson-3-septembre-1989-la-trepigneuse-768x564.jpg 768w\" sizes=\"auto, (max-width: 769px) 100vw, 769px\" \/><\/a>\n\t\t\t<\/div>\n\t\t\t\t<figcaption class='wp-caption-text gallery-caption' id='gallery-1-446'>\n\t\t\t\tF\u00eate de la moisson &#8211; la tr\u00e9pigneuse\n\t\t\t\t<\/figcaption><\/figure><figure class='gallery-item'>\n\t\t\t<div class='gallery-icon landscape'>\n\t\t\t\t<a href='https:\/\/www.eoleenbeauce.fr\/wp-content\/uploads\/2017\/08\/161_001_cpm-28-fains-la-folie-le-ferrage-d-un-cheval-fete-de-la-moisson-6-septembre-1992.jpg'><img loading=\"lazy\" decoding=\"async\" width=\"1020\" height=\"725\" src=\"https:\/\/www.eoleenbeauce.fr\/wp-content\/uploads\/2017\/08\/161_001_cpm-28-fains-la-folie-le-ferrage-d-un-cheval-fete-de-la-moisson-6-septembre-1992.jpg\" class=\"attachment-large size-large\" alt=\"\" aria-describedby=\"gallery-1-449\" srcset=\"https:\/\/www.eoleenbeauce.fr\/wp-content\/uploads\/2017\/08\/161_001_cpm-28-fains-la-folie-le-ferrage-d-un-cheval-fete-de-la-moisson-6-septembre-1992.jpg 1020w, https:\/\/www.eoleenbeauce.fr\/wp-content\/uploads\/2017\/08\/161_001_cpm-28-fains-la-folie-le-ferrage-d-un-cheval-fete-de-la-moisson-6-septembre-1992-300x213.jpg 300w, https:\/\/www.eoleenbeauce.fr\/wp-content\/uploads\/2017\/08\/161_001_cpm-28-fains-la-folie-le-ferrage-d-un-cheval-fete-de-la-moisson-6-septembre-1992-768x546.jpg 768w\" sizes=\"auto, (max-width: 1020px) 100vw, 1020px\" \/><\/a>\n\t\t\t<\/div>\n\t\t\t\t<figcaption class='wp-caption-text gallery-caption' id='gallery-1-449'>\n\t\t\t\tF\u00eate de la moisson &#8211; le ferrage d&rsquo;un cheval\n\t\t\t\t<\/figcaption><\/figure><figure class='gallery-item'>\n\t\t\t<div class='gallery-icon landscape'>\n\t\t\t\t<a href='https:\/\/www.eoleenbeauce.fr\/wp-content\/uploads\/2017\/08\/841_001_fains-la-folie-1993-fete-de-la-moisson-la-miettee-photo-gerard-rouhault-carte-en-superbe-etat.jpg'><img loading=\"lazy\" decoding=\"async\" width=\"1019\" height=\"762\" src=\"https:\/\/www.eoleenbeauce.fr\/wp-content\/uploads\/2017\/08\/841_001_fains-la-folie-1993-fete-de-la-moisson-la-miettee-photo-gerard-rouhault-carte-en-superbe-etat.jpg\" class=\"attachment-large size-large\" alt=\"\" aria-describedby=\"gallery-1-465\" srcset=\"https:\/\/www.eoleenbeauce.fr\/wp-content\/uploads\/2017\/08\/841_001_fains-la-folie-1993-fete-de-la-moisson-la-miettee-photo-gerard-rouhault-carte-en-superbe-etat.jpg 1019w, https:\/\/www.eoleenbeauce.fr\/wp-content\/uploads\/2017\/08\/841_001_fains-la-folie-1993-fete-de-la-moisson-la-miettee-photo-gerard-rouhault-carte-en-superbe-etat-300x224.jpg 300w, https:\/\/www.eoleenbeauce.fr\/wp-content\/uploads\/2017\/08\/841_001_fains-la-folie-1993-fete-de-la-moisson-la-miettee-photo-gerard-rouhault-carte-en-superbe-etat-768x574.jpg 768w\" sizes=\"auto, (max-width: 1019px) 100vw, 1019px\" \/><\/a>\n\t\t\t<\/div>\n\t\t\t\t<figcaption class='wp-caption-text gallery-caption' id='gallery-1-465'>\n\t\t\t\tF\u00eate de la moisson &#8211; la miett\u00e9e\n\t\t\t\t<\/figcaption><\/figure><figure class='gallery-item'>\n\t\t\t<div class='gallery-icon landscape'>\n\t\t\t\t<a href='https:\/\/www.eoleenbeauce.fr\/wp-content\/uploads\/2017\/08\/Cartes-postales-FAINS-La-f\u00eate-2-B.png'><img loading=\"lazy\" decoding=\"async\" width=\"1000\" height=\"703\" src=\"https:\/\/www.eoleenbeauce.fr\/wp-content\/uploads\/2017\/08\/Cartes-postales-FAINS-La-f\u00eate-2-B.png\" class=\"attachment-large size-large\" alt=\"\" aria-describedby=\"gallery-1-894\" srcset=\"https:\/\/www.eoleenbeauce.fr\/wp-content\/uploads\/2017\/08\/Cartes-postales-FAINS-La-f\u00eate-2-B.png 1000w, https:\/\/www.eoleenbeauce.fr\/wp-content\/uploads\/2017\/08\/Cartes-postales-FAINS-La-f\u00eate-2-B-300x211.png 300w, https:\/\/www.eoleenbeauce.fr\/wp-content\/uploads\/2017\/08\/Cartes-postales-FAINS-La-f\u00eate-2-B-768x540.png 768w\" sizes=\"auto, (max-width: 1000px) 100vw, 1000px\" \/><\/a>\n\t\t\t<\/div>\n\t\t\t\t<figcaption class='wp-caption-text gallery-caption' id='gallery-1-894'>\n\t\t\t\tF\u00eate de la moisson &#8211; la batterie en action\n\t\t\t\t<\/figcaption><\/figure><figure class='gallery-item'>\n\t\t\t<div class='gallery-icon landscape'>\n\t\t\t\t<a href='https:\/\/www.eoleenbeauce.fr\/wp-content\/uploads\/2017\/08\/Cartes-postales-FAINS-La-f\u00eate-3-B.png'><img loading=\"lazy\" decoding=\"async\" width=\"1000\" height=\"688\" src=\"https:\/\/www.eoleenbeauce.fr\/wp-content\/uploads\/2017\/08\/Cartes-postales-FAINS-La-f\u00eate-3-B.png\" class=\"attachment-large size-large\" alt=\"\" aria-describedby=\"gallery-1-895\" srcset=\"https:\/\/www.eoleenbeauce.fr\/wp-content\/uploads\/2017\/08\/Cartes-postales-FAINS-La-f\u00eate-3-B.png 1000w, https:\/\/www.eoleenbeauce.fr\/wp-content\/uploads\/2017\/08\/Cartes-postales-FAINS-La-f\u00eate-3-B-300x206.png 300w, https:\/\/www.eoleenbeauce.fr\/wp-content\/uploads\/2017\/08\/Cartes-postales-FAINS-La-f\u00eate-3-B-768x528.png 768w\" sizes=\"auto, (max-width: 1000px) 100vw, 1000px\" \/><\/a>\n\t\t\t<\/div>\n\t\t\t\t<figcaption class='wp-caption-text gallery-caption' id='gallery-1-895'>\n\t\t\t\tF\u00eate de la moisson\n\t\t\t\t<\/figcaption><\/figure><figure class='gallery-item'>\n\t\t\t<div class='gallery-icon landscape'>\n\t\t\t\t<a href='https:\/\/www.eoleenbeauce.fr\/wp-content\/uploads\/2017\/08\/Cartes-postales-FAINS-La-f\u00eate-4-B.png'><img loading=\"lazy\" decoding=\"async\" width=\"1000\" height=\"701\" src=\"https:\/\/www.eoleenbeauce.fr\/wp-content\/uploads\/2017\/08\/Cartes-postales-FAINS-La-f\u00eate-4-B.png\" class=\"attachment-large size-large\" alt=\"\" aria-describedby=\"gallery-1-896\" srcset=\"https:\/\/www.eoleenbeauce.fr\/wp-content\/uploads\/2017\/08\/Cartes-postales-FAINS-La-f\u00eate-4-B.png 1000w, https:\/\/www.eoleenbeauce.fr\/wp-content\/uploads\/2017\/08\/Cartes-postales-FAINS-La-f\u00eate-4-B-300x210.png 300w, https:\/\/www.eoleenbeauce.fr\/wp-content\/uploads\/2017\/08\/Cartes-postales-FAINS-La-f\u00eate-4-B-768x538.png 768w\" sizes=\"auto, (max-width: 1000px) 100vw, 1000px\" \/><\/a>\n\t\t\t<\/div>\n\t\t\t\t<figcaption class='wp-caption-text gallery-caption' id='gallery-1-896'>\n\t\t\t\tF\u00eate de la moisson\n\t\t\t\t<\/figcaption><\/figure><figure class='gallery-item'>\n\t\t\t<div class='gallery-icon landscape'>\n\t\t\t\t<a href='https:\/\/www.eoleenbeauce.fr\/wp-content\/uploads\/2017\/08\/Cartes-postales-FAINS-La-f\u00eate-B.png'><img loading=\"lazy\" decoding=\"async\" width=\"1000\" height=\"704\" src=\"https:\/\/www.eoleenbeauce.fr\/wp-content\/uploads\/2017\/08\/Cartes-postales-FAINS-La-f\u00eate-B.png\" class=\"attachment-large size-large\" alt=\"\" aria-describedby=\"gallery-1-897\" srcset=\"https:\/\/www.eoleenbeauce.fr\/wp-content\/uploads\/2017\/08\/Cartes-postales-FAINS-La-f\u00eate-B.png 1000w, https:\/\/www.eoleenbeauce.fr\/wp-content\/uploads\/2017\/08\/Cartes-postales-FAINS-La-f\u00eate-B-300x211.png 300w, https:\/\/www.eoleenbeauce.fr\/wp-content\/uploads\/2017\/08\/Cartes-postales-FAINS-La-f\u00eate-B-768x541.png 768w\" sizes=\"auto, (max-width: 1000px) 100vw, 1000px\" \/><\/a>\n\t\t\t<\/div>\n\t\t\t\t<figcaption class='wp-caption-text gallery-caption' id='gallery-1-897'>\n\t\t\t\tF\u00eate de la moisson &#8211; la tr\u00e9pigneuse\n\t\t\t\t<\/figcaption><\/figure>\n\t\t<\/div>\n<\/div>\n","protected":false},"excerpt":{"rendered":"<p>Les Cartes Postales Anciennes de Fains-la-Folie<\/p>\n","protected":false},"author":1,"featured_media":0,"parent":322,"menu_order":2,"comment_status":"closed","ping_status":"closed","template":"","meta":{"site-sidebar-layout":"default","site-content-layout":"","ast-site-content-layout":"default","site-content-style":"default","site-sidebar-style":"default","ast-global-header-display":"","ast-banner-title-visibility":"","ast-main-header-display":"","ast-hfb-above-header-display":"","ast-hfb-below-header-display":"","ast-hfb-mobile-header-display":"","site-post-title":"disabled","ast-breadcrumbs-content":"","ast-featured-img":"","footer-sml-layout":"","ast-disable-related-posts":"","theme-transparent-header-meta":"default","adv-header-id-meta":"","stick-header-meta":"","header-above-stick-meta":"","header-main-stick-meta":"","header-below-stick-meta":"","astra-migrate-meta-layouts":"set","ast-page-background-enabled":"default","ast-page-background-meta":{"desktop":{"background-color":"var(--ast-global-color-5)","background-image":"","background-repeat":"repeat","background-position":"center center","background-size":"auto","background-attachment":"scroll","background-type":"","background-media":"","overlay-type":"","overlay-color":"","overlay-opacity":"","overlay-gradient":""},"tablet":{"background-color":"","background-image":"","background-repeat":"repeat","background-position":"center center","background-size":"auto","background-attachment":"scroll","background-type":"","background-media":"","overlay-type":"","overlay-color":"","overlay-opacity":"","overlay-gradient":""},"mobile":{"background-color":"","background-image":"","background-repeat":"repeat","background-position":"center center","background-size":"auto","background-attachment":"scroll","background-type":"","background-media":"","overlay-type":"","overlay-color":"","overlay-opacity":"","overlay-gradient":""}},"ast-content-background-meta":{"desktop":{"background-color":"var(--ast-global-color-4)","background-image":"","background-repeat":"repeat","background-position":"center center","background-size":"auto","background-attachment":"scroll","background-type":"","background-media":"","overlay-type":"","overlay-color":"","overlay-opacity":"","overlay-gradient":""},"tablet":{"background-color":"var(--ast-global-color-4)","background-image":"","background-repeat":"repeat","background-position":"center center","background-size":"auto","background-attachment":"scroll","background-type":"","background-media":"","overlay-type":"","overlay-color":"","overlay-opacity":"","overlay-gradient":""},"mobile":{"background-color":"var(--ast-global-color-4)","background-image":"","background-repeat":"repeat","background-position":"center center","background-size":"auto","background-attachment":"scroll","background-type":"","background-media":"","overlay-type":"","overlay-color":"","overlay-opacity":"","overlay-gradient":""}},"footnotes":""},"class_list":["post-515","page","type-page","status-publish","hentry"],"_links":{"self":[{"href":"https:\/\/www.eoleenbeauce.fr\/?rest_route=\/wp\/v2\/pages\/515","targetHints":{"allow":["GET"]}}],"collection":[{"href":"https:\/\/www.eoleenbeauce.fr\/?rest_route=\/wp\/v2\/pages"}],"about":[{"href":"https:\/\/www.eoleenbeauce.fr\/?rest_route=\/wp\/v2\/types\/page"}],"author":[{"embeddable":true,"href":"https:\/\/www.eoleenbeauce.fr\/?rest_route=\/wp\/v2\/users\/1"}],"replies":[{"embeddable":true,"href":"https:\/\/www.eoleenbeauce.fr\/?rest_route=%2Fwp%2Fv2%2Fcomments&post=515"}],"version-history":[{"count":6,"href":"https:\/\/www.eoleenbeauce.fr\/?rest_route=\/wp\/v2\/pages\/515\/revisions"}],"predecessor-version":[{"id":4098,"href":"https:\/\/www.eoleenbeauce.fr\/?rest_route=\/wp\/v2\/pages\/515\/revisions\/4098"}],"up":[{"embeddable":true,"href":"https:\/\/www.eoleenbeauce.fr\/?rest_route=\/wp\/v2\/pages\/322"}],"wp:attachment":[{"href":"https:\/\/www.eoleenbeauce.fr\/?rest_route=%2Fwp%2Fv2%2Fmedia&parent=515"}],"curies":[{"name":"wp","href":"https:\/\/api.w.org\/{rel}","templated":true}]}}