{"id":157,"date":"2017-08-18T09:45:50","date_gmt":"2017-08-18T07:45:50","guid":{"rendered":"http:\/\/eoleenbeuv.cluster023.hosting.ovh.net\/?page_id=157"},"modified":"2026-04-03T00:00:02","modified_gmt":"2026-04-02T22:00:02","slug":"fains-la-folie","status":"publish","type":"page","link":"https:\/\/www.eoleenbeauce.fr\/notre-commune\/presentation\/fains-la-folie\/","title":{"rendered":"La commune d\u00e9l\u00e9gu\u00e9e de Fains la Folie"},"content":{"rendered":"<div class=\"page\">\n<div class=\"hero-title-wrap\">\n<h1 class=\"hero-title\">La commune d\u00e9l\u00e9gu\u00e9e de Fains-la-Folie<\/h1>\n<div class=\"hero-bar\"><\/div>\n<\/p><\/div>\n<p>  <a class=\"carte-link\" href=\"https:\/\/www.eoleenbeauce.fr\/wp-content\/uploads\/2017\/08\/DSCN1964.jpg\" target=\"_blank\"><br \/>\n    <img decoding=\"async\" src=\"https:\/\/www.eoleenbeauce.fr\/wp-content\/uploads\/2017\/08\/DSCN1964.jpg\" alt=\"Mairie annexe de Fains-la-Folie\"\/><br \/>\n  <\/a><\/p>\n<hr class=\"divider\"\/>\n<div class=\"section-label\"><span>Quelques Informations<\/span><\/div>\n<div class=\"info-box\">\n<ul>\n<li>Vincent FAUCHEUX, maire d\u00e9l\u00e9gu\u00e9 de Fains-la-Folie<\/li>\n<li>21,65 km\u00b2<\/li>\n<li>7 hameaux et fermes seules dont 1 en commun avec la commune d\u00e9l\u00e9gu\u00e9e de Baignolet (Auffains)<\/li>\n<\/ul><\/div>\n<hr class=\"divider\"\/>\n<div class=\"section-label\"><span>Mairie annexe de Fains-la-Folie<\/span><\/div>\n<div class=\"contact-box\">\n    \ud83d\udccd 6 rue du Moulin &#8211; Fains-la-Folie &#8211; 28150 \u00c9ole-en-Beauce<br \/>\n    \ud83d\udcde <strong>02.37.99.02.13<\/strong> &nbsp;\u2014&nbsp; \ud83d\udce7 <a href=\"mailto:mairieeoleenbeauce@orange.fr\">mairieeoleenbeauce@orange.fr<\/a><br \/>\n    \ud83d\udd50 Permanence : le jeudi de 14h00 \u00e0 17h30 (sauf p\u00e9riode hivernale du 01 d\u00e9cembre au 31 mars durant laquelle la permanence est d\u00e9localis\u00e9e \u00e0 la mairie \u00e0 Viabon)\n  <\/div>\n<hr class=\"divider\"\/>\n<div class=\"section-label\"><span>Les autres communes d\u00e9l\u00e9gu\u00e9es<\/span><\/div>\n<div class=\"communes-list\">\n<div class=\"commune-btn\"><a href=\"https:\/\/www.eoleenbeauce.fr\/?page_id=155\">Baignolet<\/a><\/div>\n<div class=\"commune-btn\"><a href=\"https:\/\/www.eoleenbeauce.fr\/?page_id=159\">Germignonville<\/a><\/div>\n<div class=\"commune-btn\"><a href=\"https:\/\/www.eoleenbeauce.fr\/?page_id=161\">Viabon<\/a><\/div>\n<div class=\"commune-btn\"><a href=\"https:\/\/www.eoleenbeauce.fr\/?page_id=1242\">Villeau<\/a><\/div>\n<\/p><\/div>\n<\/div>\n","protected":false},"excerpt":{"rendered":"<p>La commune d\u00e9l\u00e9gu\u00e9e de Fains-la-Folie Quelques Informations Vincent FAUCHEUX, maire d\u00e9l\u00e9gu\u00e9 de Fains-la-Folie 21,65 km\u00b2 7 hameaux et fermes seules [&hellip;]<\/p>\n","protected":false},"author":1,"featured_media":0,"parent":270,"menu_order":2,"comment_status":"closed","ping_status":"closed","template":"","meta":{"site-sidebar-layout":"default","site-content-layout":"","ast-site-content-layout":"default","site-content-style":"default","site-sidebar-style":"default","ast-global-header-display":"","ast-banner-title-visibility":"","ast-main-header-display":"","ast-hfb-above-header-display":"","ast-hfb-below-header-display":"","ast-hfb-mobile-header-display":"","site-post-title":"disabled","ast-breadcrumbs-content":"","ast-featured-img":"","footer-sml-layout":"","ast-disable-related-posts":"","theme-transparent-header-meta":"default","adv-header-id-meta":"","stick-header-meta":"","header-above-stick-meta":"","header-main-stick-meta":"","header-below-stick-meta":"","astra-migrate-meta-layouts":"set","ast-page-background-enabled":"default","ast-page-background-meta":{"desktop":{"background-color":"var(--ast-global-color-5)","background-image":"","background-repeat":"repeat","background-position":"center center","background-size":"auto","background-attachment":"scroll","background-type":"","background-media":"","overlay-type":"","overlay-color":"","overlay-opacity":"","overlay-gradient":""},"tablet":{"background-color":"","background-image":"","background-repeat":"repeat","background-position":"center center","background-size":"auto","background-attachment":"scroll","background-type":"","background-media":"","overlay-type":"","overlay-color":"","overlay-opacity":"","overlay-gradient":""},"mobile":{"background-color":"","background-image":"","background-repeat":"repeat","background-position":"center center","background-size":"auto","background-attachment":"scroll","background-type":"","background-media":"","overlay-type":"","overlay-color":"","overlay-opacity":"","overlay-gradient":""}},"ast-content-background-meta":{"desktop":{"background-color":"var(--ast-global-color-4)","background-image":"","background-repeat":"repeat","background-position":"center center","background-size":"auto","background-attachment":"scroll","background-type":"","background-media":"","overlay-type":"","overlay-color":"","overlay-opacity":"","overlay-gradient":""},"tablet":{"background-color":"var(--ast-global-color-4)","background-image":"","background-repeat":"repeat","background-position":"center center","background-size":"auto","background-attachment":"scroll","background-type":"","background-media":"","overlay-type":"","overlay-color":"","overlay-opacity":"","overlay-gradient":""},"mobile":{"background-color":"var(--ast-global-color-4)","background-image":"","background-repeat":"repeat","background-position":"center center","background-size":"auto","background-attachment":"scroll","background-type":"","background-media":"","overlay-type":"","overlay-color":"","overlay-opacity":"","overlay-gradient":""}},"footnotes":""},"class_list":["post-157","page","type-page","status-publish","hentry"],"_links":{"self":[{"href":"https:\/\/www.eoleenbeauce.fr\/?rest_route=\/wp\/v2\/pages\/157","targetHints":{"allow":["GET"]}}],"collection":[{"href":"https:\/\/www.eoleenbeauce.fr\/?rest_route=\/wp\/v2\/pages"}],"about":[{"href":"https:\/\/www.eoleenbeauce.fr\/?rest_route=\/wp\/v2\/types\/page"}],"author":[{"embeddable":true,"href":"https:\/\/www.eoleenbeauce.fr\/?rest_route=\/wp\/v2\/users\/1"}],"replies":[{"embeddable":true,"href":"https:\/\/www.eoleenbeauce.fr\/?rest_route=%2Fwp%2Fv2%2Fcomments&post=157"}],"version-history":[{"count":36,"href":"https:\/\/www.eoleenbeauce.fr\/?rest_route=\/wp\/v2\/pages\/157\/revisions"}],"predecessor-version":[{"id":4289,"href":"https:\/\/www.eoleenbeauce.fr\/?rest_route=\/wp\/v2\/pages\/157\/revisions\/4289"}],"up":[{"embeddable":true,"href":"https:\/\/www.eoleenbeauce.fr\/?rest_route=\/wp\/v2\/pages\/270"}],"wp:attachment":[{"href":"https:\/\/www.eoleenbeauce.fr\/?rest_route=%2Fwp%2Fv2%2Fmedia&parent=157"}],"curies":[{"name":"wp","href":"https:\/\/api.w.org\/{rel}","templated":true}]}}